{"id":1459,"date":"2016-03-25T10:54:35","date_gmt":"2016-03-25T10:54:35","guid":{"rendered":"http:\/\/walker.edge-themes.com\/?page_id=1459"},"modified":"2019-12-20T16:47:19","modified_gmt":"2019-12-20T16:47:19","slug":"vanessa-espelt","status":"publish","type":"page","link":"https:\/\/spelperruquers.com\/es\/vanessa-espelt\/","title":{"rendered":"Vanessa Espelt"},"content":{"rendered":"<div class=\"wpb-content-wrapper\"><div data-edgtf-parallax-speed=\"1\" class=\"vc_row wpb_row vc_row-fluid edgtf-section vc_custom_1576860418335 edgtf-content-aligment-center edgtf-parallax-section-holder edgtf-parallax-section-holder-touch-disabled edgtf-grid-section edgtf-full-screen-height-parallax\" style=\"\"><div class=\"edgtf-parallax-content-outer\"><div class=\"clearfix edgtf-section-inner\"><div class=\"edgtf-section-inner-margin clearfix\"><div class=\"wpb_column vc_column_container vc_col-sm-12\"><div class=\"vc_column-inner\"><div class=\"wpb_wrapper\"><div class=\"vc_empty_space\"   style=\"height: 400px\"><span class=\"vc_empty_space_inner\"><\/span><\/div><\/div><\/div><\/div><\/div><\/div><\/div><\/div><div class=\"vc_row wpb_row vc_row-fluid edgtf-section edgtf-content-aligment-left edgtf-grid-section\" style=\"\"><div class=\"clearfix edgtf-section-inner\"><div class=\"edgtf-section-inner-margin clearfix\"><div class=\"wpb_column vc_column_container vc_col-sm-12\"><div class=\"vc_column-inner\"><div class=\"wpb_wrapper\"><div class=\"vc_empty_space\"   style=\"height: 32px\"><span class=\"vc_empty_space_inner\"><\/span><\/div><div class=\"edgtf-st-holder edgtf-st-title-position-center\" style=\"margin-top: 30px;margin-bottom: 60px\">\n\t\t\t<div class=\"edgtf-st-left-separator\">\n\t\t\t<span style=\"background-color: #cccccc\"><\/span>\n\t\t<\/div>\n\t\t<h2 class=\"edgtf-st-title\" >\n\t\t\t<span>VANESSA ESPELT<\/span>\n\t\t<\/h2>\n\t\t<div class=\"edgtf-st-right-separator\">\n\t\t\t<span style=\"background-color: #cccccc\"><\/span>\n\t\t<\/div>\n\t<\/div><\/div><\/div><\/div><\/div><\/div><\/div><div class=\"vc_row wpb_row vc_row-fluid edgtf-section edgtf-content-aligment-left edgtf-grid-section\" style=\"\"><div class=\"clearfix edgtf-section-inner\"><div class=\"edgtf-section-inner-margin clearfix\"><div class=\"wpb_column vc_column_container vc_col-sm-6\"><div class=\"vc_column-inner\"><div class=\"wpb_wrapper\">\n\t<div class=\"wpb_text_column wpb_content_element wpb_animate_when_almost_visible wpb_left-to-right left-to-right\" >\n\t\t<div class=\"wpb_wrapper\">\n\t\t\t<p>Empec\u00e9 con 13 a\u00f1os en una peque\u00f1a peluquer\u00eda cerca de Berga, d\u00f3nde descubr\u00ed que mi gran pasi\u00f3n era ser peluquera. Durante 6 a\u00f1os me form\u00e9 en las grandes firmas m\u00e1s conocidas del sector como Cebado (Barcelona), Toni&amp;Guy (Londres) y Rizos (Madrid), d\u00f3nde crec\u00ed profesionalmente, asimismo trabaj\u00e9 en salones de Cebado colaborando con su equipo creativo y de formaci\u00f3n para dar a conocer las \u00faltimas tendencias. De ellos aprend\u00ed la parte m\u00e1s profesional pero sobretodo el valor a\u00f1adido de la excelencia y perfecci\u00f3n en el trato a los clientes.<\/p>\n<p>Tras estos a\u00f1os volv\u00ed a mi ciudad natal d\u00f3nde decid\u00ed cumplir mi sue\u00f1o. El 26 de julio del a\u00f1o 2006 abr\u00ed mi propio Sal\u00f3n de peluquer\u00eda para potenciar mi estilo de marca.<\/p>\n<p>Dado mi trayectoria en el mundo de la peluquer\u00eda, una vez abierto el Sal\u00f3n me llamaron de la gran firma l\u2019Or\u00e9al para formar parte del equipo de educaci\u00f3n y trabajar como <em>freelance<\/em> el cual era uno de mis sue\u00f1os. En esta nueva etapa como formadora a nivel nacional, recib\u00ed formaciones constantes en diferentes ciudades de los estilitas m\u00e1s importantes a nivel internacional como Jan Larsen (Copenhaguen), Kinki (Amsterdam), Petra Mechurova (Praga), Lefty Kikeris (Lisboa), Achim Rothenb\u00fchler (Berl\u00edn), entre otros. Adem\u00e1s recib\u00ed la formaci\u00f3n de Claude Juillard quien cre\u00f3 el visagismo, un m\u00e9todo de comunicaci\u00f3n y an\u00e1lisis est\u00e9tico para realzar la belleza de cada persona. Todas estas formaciones me permitieron aprender y disfrutar a la vez, pero sobretodo crecer como persona tanto personalmente como profesionalmente y llevarme experiencias muy gratificantes.<\/p>\n<p>Durante los a\u00f1os 2007 \u2013 2009 colabor\u00e9 con la firma austriaca <em>Hairdreams, <\/em>una marca de extensiones reconocida mundialmente, formando parte del equipo de formaci\u00f3n a nivel nacional.<\/p>\n\n\t\t<\/div>\n\t<\/div>\n<\/div><\/div><\/div><div class=\"wpb_column vc_column_container vc_col-sm-6\"><div class=\"vc_column-inner\"><div class=\"wpb_wrapper\">\n\t<div class=\"wpb_text_column wpb_content_element wpb_animate_when_almost_visible wpb_right-to-left right-to-left\" >\n\t\t<div class=\"wpb_wrapper\">\n\t\t\t<p>He participado en los <em>backstages<\/em> de diferentes eventos organizados por l\u2019Or\u00e9al como: Fashion night (Madrid, 2014), El Festival de cine de M\u00e1laga (M\u00e1laga, 2015), Bridal Fashion Week (Barcelona, 2016), y en diferentes galas y eventos de l\u2019Or\u00e9al en ciudades como Tenerife, Santiago de Compostela, Madrid, Barcelona,etc. Adem\u00e1s tuve el privilegio de formar parte de la inauguraci\u00f3n de la Academia l\u2019Or\u00e9al Barcelona (2013).<\/p>\n<p>Gracias a estos eventos he podido disfrutar de muchos rostros conocidos del mundo de la m\u00fasica, cine, moda, etc. como: Manu Tenorio, Marisa Jara, Edurne, Soraya, M\u00f3nica Cruz, Natalia Verbeke, Blanca Su\u00e1rez, Aina Clotet, Marc Clotet, Joana Sanz, etc.<\/p>\n<p align=\"justify\">Uno de mis \u00faltimos proyectos m\u00e1s importantes ha sido el de realizar el Master Executive Management Programme de formaci\u00f3n superior para peluqueros, en gesti\u00f3n de los salones de peluquer\u00eda en Espa\u00f1a (2015), desarrollado por la escuela de negocios ESCP Europe y la marca l\u00edder de peluquer\u00eda L\u2019Or\u00e9al Professionnel. <a href=\"https:\/\/youtu.be\/plnczv4tRS0\">(v\u00eddeo recogiendo premio)<\/a><\/p>\n<p>Hoy en d\u00eda sigo teniendo mi Sal\u00f3n y sigo en l\u2019Or\u00e9al colaborando como formadora con la misma energ\u00eda, fuerza y vitalidad que el primer d\u00eda.<\/p>\n<h3>\u201cMuy agradecida a todas las personas que me han hecho crecer hasta d\u00eda de hoy\u201d<\/h3>\n\n\t\t<\/div>\n\t<\/div>\n<\/div><\/div><\/div><\/div><\/div><\/div><div class=\"vc_row wpb_row vc_row-fluid edgtf-section edgtf-content-aligment-left\" style=\"\"><div class=\"clearfix edgtf-full-section-inner\"><div class=\"wpb_column vc_column_container vc_col-sm-12\"><div class=\"vc_column-inner\"><div class=\"wpb_wrapper\"><div class=\"vc_empty_space\"   style=\"height: 52px\"><span class=\"vc_empty_space_inner\"><\/span><\/div><\/div><\/div><\/div><\/div><\/div><div class=\"vc_row wpb_row vc_row-fluid edgtf-section edgtf-content-aligment-left\" style=\"\"><div class=\"clearfix edgtf-full-section-inner\"><div class=\"wpb_column vc_column_container vc_col-sm-12\"><div class=\"vc_column-inner\"><div class=\"wpb_wrapper\"><\/div><\/div><\/div><\/div><\/div>\n<\/div>","protected":false},"excerpt":{"rendered":"VANESSA ESPELT Empec\u00e9 con 13 a\u00f1os en una peque\u00f1a peluquer\u00eda cerca de Berga, d\u00f3nde descubr\u00ed que mi gran pasi\u00f3n era ser peluquera. Durante 6 a\u00f1os me form\u00e9 en las grandes firmas m\u00e1s conocidas del sector como Cebado (Barcelona), Toni&amp;Guy (Londres) y Rizos (Madrid), d\u00f3nde crec\u00ed [...]","protected":false},"author":2,"featured_media":0,"parent":0,"menu_order":0,"comment_status":"closed","ping_status":"closed","template":"full-width.php","meta":{"footnotes":""},"yoast_head":"<!-- This site is optimized with the Yoast SEO plugin v23.0 - https:\/\/yoast.com\/wordpress\/plugins\/seo\/ -->\n<title>spel perruquers - Vanessa Espelt<\/title>\n<meta name=\"robots\" content=\"index, follow, max-snippet:-1, max-image-preview:large, max-video-preview:-1\" \/>\n<link rel=\"canonical\" href=\"https:\/\/spelperruquers.com\/es\/vanessa-espelt\/\" \/>\n<meta property=\"og:locale\" content=\"es_ES\" \/>\n<meta property=\"og:type\" content=\"article\" \/>\n<meta property=\"og:title\" content=\"spel perruquers - Vanessa Espelt\" \/>\n<meta property=\"og:url\" content=\"https:\/\/spelperruquers.com\/es\/vanessa-espelt\/\" \/>\n<meta property=\"og:site_name\" content=\"spel perruquers\" \/>\n<meta property=\"article:publisher\" content=\"https:\/\/www.facebook.com\/spelperruquers\/\" \/>\n<meta property=\"article:modified_time\" content=\"2019-12-20T16:47:19+00:00\" \/>\n<meta name=\"twitter:card\" content=\"summary_large_image\" \/>\n<meta name=\"twitter:label1\" content=\"Tiempo de lectura\" \/>\n\t<meta name=\"twitter:data1\" content=\"3 minutos\" \/>\n<script type=\"application\/ld+json\" class=\"yoast-schema-graph\">{\"@context\":\"https:\/\/schema.org\",\"@graph\":[{\"@type\":\"WebPage\",\"@id\":\"https:\/\/spelperruquers.com\/es\/vanessa-espelt\/\",\"url\":\"https:\/\/spelperruquers.com\/es\/vanessa-espelt\/\",\"name\":\"spel perruquers - Vanessa Espelt\",\"isPartOf\":{\"@id\":\"https:\/\/spelperruquers.com\/ca\/#website\"},\"datePublished\":\"2016-03-25T10:54:35+00:00\",\"dateModified\":\"2019-12-20T16:47:19+00:00\",\"breadcrumb\":{\"@id\":\"https:\/\/spelperruquers.com\/es\/vanessa-espelt\/#breadcrumb\"},\"inLanguage\":\"es\",\"potentialAction\":[{\"@type\":\"ReadAction\",\"target\":[\"https:\/\/spelperruquers.com\/es\/vanessa-espelt\/\"]}]},{\"@type\":\"BreadcrumbList\",\"@id\":\"https:\/\/spelperruquers.com\/es\/vanessa-espelt\/#breadcrumb\",\"itemListElement\":[{\"@type\":\"ListItem\",\"position\":1,\"name\":\"Portada\",\"item\":\"https:\/\/spelperruquers.com\/\"},{\"@type\":\"ListItem\",\"position\":2,\"name\":\"Vanessa Espelt\"}]},{\"@type\":\"WebSite\",\"@id\":\"https:\/\/spelperruquers.com\/ca\/#website\",\"url\":\"https:\/\/spelperruquers.com\/ca\/\",\"name\":\"spel perruquers\",\"description\":\"spel by Vanessa Espelt\",\"publisher\":{\"@id\":\"https:\/\/spelperruquers.com\/ca\/#organization\"},\"potentialAction\":[{\"@type\":\"SearchAction\",\"target\":{\"@type\":\"EntryPoint\",\"urlTemplate\":\"https:\/\/spelperruquers.com\/ca\/?s={search_term_string}\"},\"query-input\":\"required name=search_term_string\"}],\"inLanguage\":\"es\"},{\"@type\":\"Organization\",\"@id\":\"https:\/\/spelperruquers.com\/ca\/#organization\",\"name\":\"spel by Vanessa Espelt\",\"url\":\"https:\/\/spelperruquers.com\/ca\/\",\"logo\":{\"@type\":\"ImageObject\",\"inLanguage\":\"es\",\"@id\":\"https:\/\/spelperruquers.com\/ca\/#\/schema\/logo\/image\/\",\"url\":\"https:\/\/spelperruquers.com\/wp-content\/uploads\/2019\/08\/logoweb3.png\",\"contentUrl\":\"https:\/\/spelperruquers.com\/wp-content\/uploads\/2019\/08\/logoweb3.png\",\"width\":343,\"height\":140,\"caption\":\"spel by Vanessa Espelt\"},\"image\":{\"@id\":\"https:\/\/spelperruquers.com\/ca\/#\/schema\/logo\/image\/\"},\"sameAs\":[\"https:\/\/www.facebook.com\/spelperruquers\/\",\"https:\/\/www.instagram.com\/spelperruquers\/\"]}]}<\/script>\n<!-- \/ Yoast SEO plugin. -->","yoast_head_json":{"title":"spel perruquers - Vanessa Espelt","robots":{"index":"index","follow":"follow","max-snippet":"max-snippet:-1","max-image-preview":"max-image-preview:large","max-video-preview":"max-video-preview:-1"},"canonical":"https:\/\/spelperruquers.com\/es\/vanessa-espelt\/","og_locale":"es_ES","og_type":"article","og_title":"spel perruquers - Vanessa Espelt","og_url":"https:\/\/spelperruquers.com\/es\/vanessa-espelt\/","og_site_name":"spel perruquers","article_publisher":"https:\/\/www.facebook.com\/spelperruquers\/","article_modified_time":"2019-12-20T16:47:19+00:00","twitter_card":"summary_large_image","twitter_misc":{"Tiempo de lectura":"3 minutos"},"schema":{"@context":"https:\/\/schema.org","@graph":[{"@type":"WebPage","@id":"https:\/\/spelperruquers.com\/es\/vanessa-espelt\/","url":"https:\/\/spelperruquers.com\/es\/vanessa-espelt\/","name":"spel perruquers - Vanessa Espelt","isPartOf":{"@id":"https:\/\/spelperruquers.com\/ca\/#website"},"datePublished":"2016-03-25T10:54:35+00:00","dateModified":"2019-12-20T16:47:19+00:00","breadcrumb":{"@id":"https:\/\/spelperruquers.com\/es\/vanessa-espelt\/#breadcrumb"},"inLanguage":"es","potentialAction":[{"@type":"ReadAction","target":["https:\/\/spelperruquers.com\/es\/vanessa-espelt\/"]}]},{"@type":"BreadcrumbList","@id":"https:\/\/spelperruquers.com\/es\/vanessa-espelt\/#breadcrumb","itemListElement":[{"@type":"ListItem","position":1,"name":"Portada","item":"https:\/\/spelperruquers.com\/"},{"@type":"ListItem","position":2,"name":"Vanessa Espelt"}]},{"@type":"WebSite","@id":"https:\/\/spelperruquers.com\/ca\/#website","url":"https:\/\/spelperruquers.com\/ca\/","name":"spel perruquers","description":"spel by Vanessa Espelt","publisher":{"@id":"https:\/\/spelperruquers.com\/ca\/#organization"},"potentialAction":[{"@type":"SearchAction","target":{"@type":"EntryPoint","urlTemplate":"https:\/\/spelperruquers.com\/ca\/?s={search_term_string}"},"query-input":"required name=search_term_string"}],"inLanguage":"es"},{"@type":"Organization","@id":"https:\/\/spelperruquers.com\/ca\/#organization","name":"spel by Vanessa Espelt","url":"https:\/\/spelperruquers.com\/ca\/","logo":{"@type":"ImageObject","inLanguage":"es","@id":"https:\/\/spelperruquers.com\/ca\/#\/schema\/logo\/image\/","url":"https:\/\/spelperruquers.com\/wp-content\/uploads\/2019\/08\/logoweb3.png","contentUrl":"https:\/\/spelperruquers.com\/wp-content\/uploads\/2019\/08\/logoweb3.png","width":343,"height":140,"caption":"spel by Vanessa Espelt"},"image":{"@id":"https:\/\/spelperruquers.com\/ca\/#\/schema\/logo\/image\/"},"sameAs":["https:\/\/www.facebook.com\/spelperruquers\/","https:\/\/www.instagram.com\/spelperruquers\/"]}]}},"_links":{"self":[{"href":"https:\/\/spelperruquers.com\/es\/wp-json\/wp\/v2\/pages\/1459"}],"collection":[{"href":"https:\/\/spelperruquers.com\/es\/wp-json\/wp\/v2\/pages"}],"about":[{"href":"https:\/\/spelperruquers.com\/es\/wp-json\/wp\/v2\/types\/page"}],"author":[{"embeddable":true,"href":"https:\/\/spelperruquers.com\/es\/wp-json\/wp\/v2\/users\/2"}],"replies":[{"embeddable":true,"href":"https:\/\/spelperruquers.com\/es\/wp-json\/wp\/v2\/comments?post=1459"}],"version-history":[{"count":58,"href":"https:\/\/spelperruquers.com\/es\/wp-json\/wp\/v2\/pages\/1459\/revisions"}],"predecessor-version":[{"id":6449,"href":"https:\/\/spelperruquers.com\/es\/wp-json\/wp\/v2\/pages\/1459\/revisions\/6449"}],"wp:attachment":[{"href":"https:\/\/spelperruquers.com\/es\/wp-json\/wp\/v2\/media?parent=1459"}],"curies":[{"name":"wp","href":"https:\/\/api.w.org\/{rel}","templated":true}]}}