{"id":1417,"date":"2016-03-25T09:28:47","date_gmt":"2016-03-25T09:28:47","guid":{"rendered":"http:\/\/walker.edge-themes.com\/?page_id=1417"},"modified":"2019-08-12T21:23:37","modified_gmt":"2019-08-12T21:23:37","slug":"prensa-y-eventos","status":"publish","type":"page","link":"https:\/\/spelperruquers.com\/es\/prensa-y-eventos\/","title":{"rendered":"Prensa"},"content":{"rendered":"<div class=\"wpb-content-wrapper\"><div class=\"vc_row wpb_row vc_row-fluid edgtf-section edgtf-content-aligment-left\" style=\"\"><div class=\"clearfix edgtf-full-section-inner\"><div class=\"wpb_column vc_column_container vc_col-sm-12\"><div class=\"vc_column-inner\"><div class=\"wpb_wrapper\"><div class=\"edgtf-st-holder edgtf-st-title-position-center\" style=\"margin-top: 30px;margin-bottom: 60px\">\n\t\t\t<div class=\"edgtf-st-left-separator\">\n\t\t\t<span style=\"background-color: #cccccc\"><\/span>\n\t\t<\/div>\n\t\t<h2 class=\"edgtf-st-title\" >\n\t\t\t<span>PRENSA Y EVENTOS<\/span>\n\t\t<\/h2>\n\t\t<div class=\"edgtf-st-right-separator\">\n\t\t\t<span style=\"background-color: #cccccc\"><\/span>\n\t\t<\/div>\n\t<\/div><\/div><\/div><\/div><\/div><\/div><div class=\"vc_row wpb_row vc_row-fluid edgtf-section edgtf-content-aligment-left\" style=\"\"><div class=\"clearfix edgtf-full-section-inner\"><div class=\"wpb_column vc_column_container vc_col-sm-4\"><div class=\"vc_column-inner vc_custom_1486322657883\"><div class=\"wpb_wrapper\">\n\t<div  class=\"wpb_single_image wpb_content_element vc_align_center wpb_content_element wpb_animate_when_almost_visible wpb_appear appear\">\n\t\t\n\t\t<figure class=\"wpb_wrapper vc_figure\">\n\t\t\t<a href=\"https:\/\/www.regio7.cat\/bergueda\/2015\/11\/13\/vanessa-espelt-magrada-treballar-realitat\/337077.html\" target=\"_blank\" class=\"vc_single_image-wrapper   vc_box_border_grey\"><img loading=\"lazy\" decoding=\"async\" width=\"300\" height=\"200\" src=\"https:\/\/spelperruquers.com\/wp-content\/uploads\/2016\/03\/regio7_14-11-15-300x200.jpg\" class=\"vc_single_image-img attachment-medium\" alt=\"\" title=\"regio7_14-11-15\" srcset=\"https:\/\/spelperruquers.com\/wp-content\/uploads\/2016\/03\/regio7_14-11-15-300x200.jpg 300w, https:\/\/spelperruquers.com\/wp-content\/uploads\/2016\/03\/regio7_14-11-15-600x400.jpg 600w, https:\/\/spelperruquers.com\/wp-content\/uploads\/2016\/03\/regio7_14-11-15.jpg 741w\" sizes=\"(max-width: 300px) 100vw, 300px\" \/><\/a>\n\t\t<\/figure>\n\t<\/div>\n<div class=\"vc_empty_space\"   style=\"height: 32px\"><span class=\"vc_empty_space_inner\"><\/span><\/div>\n\t<div class=\"wpb_text_column wpb_content_element\" >\n\t\t<div class=\"wpb_wrapper\">\n\t\t\t<h5 style=\"text-align: center;\">Vanessa Espelt: \u00abM&#8217;agrada treballar per fer realitat les expectatives dels clients\u00bb<\/h5>\n<h5 style=\"text-align: center;\">Regi\u00f3 7 14\/NOV\/2015<\/h5>\n\n\t\t<\/div>\n\t<\/div>\n<\/div><\/div><\/div><div class=\"wpb_column vc_column_container vc_col-sm-4\"><div class=\"vc_column-inner vc_custom_1486322666317\"><div class=\"wpb_wrapper\">\n\t<div  class=\"wpb_single_image wpb_content_element vc_align_center wpb_content_element wpb_animate_when_almost_visible wpb_appear appear\">\n\t\t\n\t\t<figure class=\"wpb_wrapper vc_figure\">\n\t\t\t<a href=\"https:\/\/www.aquibergueda.cat\/2015\/10\/28\/la-perruquera-vanessa-espelt-de-berga-treu-la-millor-nota-despanya-en-un-master-de-gestio\/\" target=\"_blank\" class=\"vc_single_image-wrapper   vc_box_border_grey\"><img loading=\"lazy\" decoding=\"async\" width=\"300\" height=\"200\" src=\"https:\/\/spelperruquers.com\/wp-content\/uploads\/2016\/03\/aqu\u00edberg_28-10-15-300x200.jpg\" class=\"vc_single_image-img attachment-medium\" alt=\"\" title=\"aqu\u00edberg_28-10-15\" \/><\/a>\n\t\t<\/figure>\n\t<\/div>\n<div class=\"vc_empty_space\"   style=\"height: 32px\"><span class=\"vc_empty_space_inner\"><\/span><\/div>\n\t<div class=\"wpb_text_column wpb_content_element\" >\n\t\t<div class=\"wpb_wrapper\">\n\t\t\t<h5 class=\"font-replace\" style=\"text-align: center;\">La perruquera Vanessa Espelt, de Berga, treu la millor nota d\u2019Espanya en un m\u00e0ster de gesti\u00f3 del negoci<\/h5>\n<h5 class=\"font-replace\" style=\"text-align: center;\">Aqu\u00ed Bergued\u00e0\u00a0&#8211; 28\/OCT\/2015<\/h5>\n\n\t\t<\/div>\n\t<\/div>\n<\/div><\/div><\/div><div class=\"wpb_column vc_column_container vc_col-sm-4\"><div class=\"vc_column-inner vc_custom_1486322675307\"><div class=\"wpb_wrapper\">\n\t<div  class=\"wpb_single_image wpb_content_element vc_align_center wpb_content_element wpb_animate_when_almost_visible wpb_appear appear\">\n\t\t\n\t\t<figure class=\"wpb_wrapper vc_figure\">\n\t\t\t<a href=\"https:\/\/www.aquibergueda.cat\/2016\/04\/27\/108488\/\" target=\"_blank\" class=\"vc_single_image-wrapper   vc_box_border_grey\"><img loading=\"lazy\" decoding=\"async\" width=\"300\" height=\"200\" src=\"https:\/\/spelperruquers.com\/wp-content\/uploads\/2016\/03\/regi\u00f37_27-4-16-300x200.jpg\" class=\"vc_single_image-img attachment-medium\" alt=\"\" title=\"regi\u00f37_27-4-16\" \/><\/a>\n\t\t<\/figure>\n\t<\/div>\n<div class=\"vc_empty_space\"   style=\"height: 32px\"><span class=\"vc_empty_space_inner\"><\/span><\/div>\n\t<div class=\"wpb_text_column wpb_content_element\" >\n\t\t<div class=\"wpb_wrapper\">\n\t\t\t<h5 class=\"font-replace\" style=\"text-align: center;\">Vanessa Espelt, a la Bridal Fashion Week<\/h5>\n<h5 class=\"font-replace\" style=\"text-align: center;\">Aqu\u00ed Bergued\u00e0\u00a0&#8211; 27\/ABR\/2016<\/h5>\n\n\t\t<\/div>\n\t<\/div>\n<\/div><\/div><\/div><\/div><\/div><div class=\"vc_row wpb_row vc_row-fluid edgtf-section edgtf-content-aligment-left\" style=\"\"><div class=\"clearfix edgtf-full-section-inner\"><div class=\"wpb_column vc_column_container vc_col-sm-12\"><div class=\"vc_column-inner\"><div class=\"wpb_wrapper\"><div class=\"vc_empty_space\"   style=\"height: 52px\"><span class=\"vc_empty_space_inner\"><\/span><\/div><\/div><\/div><\/div><\/div><\/div><div class=\"vc_row wpb_row vc_row-fluid edgtf-section edgtf-content-aligment-left\" style=\"\"><div class=\"clearfix edgtf-full-section-inner\"><div class=\"wpb_column vc_column_container vc_col-sm-4\"><div class=\"vc_column-inner vc_custom_1486378851108\"><div class=\"wpb_wrapper\">\n\t<div  class=\"wpb_single_image wpb_content_element vc_align_center wpb_content_element wpb_animate_when_almost_visible wpb_appear appear\">\n\t\t\n\t\t<figure class=\"wpb_wrapper vc_figure\">\n\t\t\t<a href=\"https:\/\/www.bifidusproduccions.com\/?portfolio=aqui-bergueda-febrer-del-2016\" target=\"_blank\" class=\"vc_single_image-wrapper   vc_box_border_grey\"><img loading=\"lazy\" decoding=\"async\" width=\"300\" height=\"200\" src=\"https:\/\/spelperruquers.com\/wp-content\/uploads\/2016\/03\/aqu\u00edberg_FEB16-300x200.jpg\" class=\"vc_single_image-img attachment-medium\" alt=\"\" title=\"aqu\u00edberg_FEB16\" \/><\/a>\n\t\t<\/figure>\n\t<\/div>\n<div class=\"vc_empty_space\"   style=\"height: 32px\"><span class=\"vc_empty_space_inner\"><\/span><\/div>\n\t<div class=\"wpb_text_column wpb_content_element\" >\n\t\t<div class=\"wpb_wrapper\">\n\t\t\t<h5 style=\"text-align: center;\">Vanessa Espelt, la perruquera que pentina el m\u00f3n<\/h5>\n<h5 style=\"text-align: center;\">Aqu\u00ed Bergued\u00e0 &#8211; FEB\/2016<\/h5>\n\n\t\t<\/div>\n\t<\/div>\n<\/div><\/div><\/div><div class=\"wpb_column vc_column_container vc_col-sm-4\"><div class=\"vc_column-inner vc_custom_1486378865876\"><div class=\"wpb_wrapper\">\n\t<div  class=\"wpb_single_image wpb_content_element vc_align_center wpb_content_element wpb_animate_when_almost_visible wpb_appear appear\">\n\t\t\n\t\t<figure class=\"wpb_wrapper vc_figure\">\n\t\t\t<a href=\"https:\/\/www.guiadelestilista.com\/index.php\/colecciones\/item\/267-los-60-s-siempre-regresan-espana\" target=\"_blank\" class=\"vc_single_image-wrapper   vc_box_border_grey\"><img loading=\"lazy\" decoding=\"async\" width=\"300\" height=\"200\" src=\"https:\/\/spelperruquers.com\/wp-content\/uploads\/2016\/03\/guiaestilista_ene17-300x200.jpg\" class=\"vc_single_image-img attachment-medium\" alt=\"\" title=\"guiaestilista_ene17\" \/><\/a>\n\t\t<\/figure>\n\t<\/div>\n<div class=\"vc_empty_space\"   style=\"height: 32px\"><span class=\"vc_empty_space_inner\"><\/span><\/div>\n\t<div class=\"wpb_text_column wpb_content_element\" >\n\t\t<div class=\"wpb_wrapper\">\n\t\t\t<h5 style=\"text-align: center;\">Los 60&#8217;s siempre regresan. Espa\u00f1a<\/h5>\n<h5 style=\"text-align: center;\">guiadelestilista.com\u00a0&#8211; ENE\/2017<\/h5>\n\n\t\t<\/div>\n\t<\/div>\n<\/div><\/div><\/div><div class=\"wpb_column vc_column_container vc_col-sm-4\"><div class=\"vc_column-inner\"><div class=\"wpb_wrapper\">\n\t<div  class=\"wpb_single_image wpb_content_element vc_align_center wpb_content_element wpb_animate_when_almost_visible wpb_appear appear\">\n\t\t\n\t\t<figure class=\"wpb_wrapper vc_figure\">\n\t\t\t<a href=\"https:\/\/issuu.com\/spelperruquers\/docs\/4\" target=\"_blank\" class=\"vc_single_image-wrapper   vc_box_border_grey\"><img loading=\"lazy\" decoding=\"async\" width=\"300\" height=\"194\" src=\"https:\/\/spelperruquers.com\/wp-content\/uploads\/2016\/03\/Captura-de-pantalla-2016-12-28-13.36.49-300x194.png\" class=\"vc_single_image-img attachment-medium\" alt=\"\" title=\"dreamingless UK\" srcset=\"https:\/\/spelperruquers.com\/wp-content\/uploads\/2016\/03\/Captura-de-pantalla-2016-12-28-13.36.49-300x194.png 300w, https:\/\/spelperruquers.com\/wp-content\/uploads\/2016\/03\/Captura-de-pantalla-2016-12-28-13.36.49-600x389.png 600w, https:\/\/spelperruquers.com\/wp-content\/uploads\/2016\/03\/Captura-de-pantalla-2016-12-28-13.36.49-768x498.png 768w, https:\/\/spelperruquers.com\/wp-content\/uploads\/2016\/03\/Captura-de-pantalla-2016-12-28-13.36.49-1024x664.png 1024w, https:\/\/spelperruquers.com\/wp-content\/uploads\/2016\/03\/Captura-de-pantalla-2016-12-28-13.36.49.png 1057w\" sizes=\"(max-width: 300px) 100vw, 300px\" \/><\/a>\n\t\t<\/figure>\n\t<\/div>\n<div class=\"vc_empty_space\"   style=\"height: 32px\"><span class=\"vc_empty_space_inner\"><\/span><\/div>\n\t<div class=\"wpb_text_column wpb_content_element\" >\n\t\t<div class=\"wpb_wrapper\">\n\t\t\t<h5 class=\"font-replace\" style=\"text-align: center;\">Publicaci\u00f3n colecci\u00f3n MODS<\/h5>\n<h5 class=\"font-replace\" style=\"text-align: center;\">Dreamingless magazine UK\u00a0&#8211;\u00a02017<\/h5>\n\n\t\t<\/div>\n\t<\/div>\n<\/div><\/div><\/div><\/div><\/div><div class=\"vc_row wpb_row vc_row-fluid edgtf-section edgtf-content-aligment-left\" style=\"\"><div class=\"clearfix edgtf-full-section-inner\"><div class=\"wpb_column vc_column_container vc_col-sm-12\"><div class=\"vc_column-inner\"><div class=\"wpb_wrapper\"><div class=\"vc_empty_space\"   style=\"height: 52px\"><span class=\"vc_empty_space_inner\"><\/span><\/div><\/div><\/div><\/div><\/div><\/div><div class=\"vc_row wpb_row vc_row-fluid edgtf-section edgtf-content-aligment-left\" style=\"\"><div class=\"clearfix edgtf-full-section-inner\"><div class=\"wpb_column vc_column_container vc_col-sm-4\"><div class=\"vc_column-inner vc_custom_1486322657883\"><div class=\"wpb_wrapper\">\n\t<div  class=\"wpb_single_image wpb_content_element vc_align_center wpb_content_element wpb_animate_when_almost_visible wpb_appear appear\">\n\t\t\n\t\t<figure class=\"wpb_wrapper vc_figure\">\n\t\t\t<a href=\"https:\/\/spelperruquers.com\/wp-content\/uploads\/2016\/03\/hairnows.jpg\" target=\"_blank\" class=\"vc_single_image-wrapper   vc_box_border_grey\"><img loading=\"lazy\" decoding=\"async\" width=\"300\" height=\"195\" src=\"https:\/\/spelperruquers.com\/wp-content\/uploads\/2016\/03\/hairnows-300x195.jpg\" class=\"vc_single_image-img attachment-medium\" alt=\"\" title=\"hairnows\" srcset=\"https:\/\/spelperruquers.com\/wp-content\/uploads\/2016\/03\/hairnows-300x195.jpg 300w, https:\/\/spelperruquers.com\/wp-content\/uploads\/2016\/03\/hairnows-600x390.jpg 600w, https:\/\/spelperruquers.com\/wp-content\/uploads\/2016\/03\/hairnows-768x499.jpg 768w, https:\/\/spelperruquers.com\/wp-content\/uploads\/2016\/03\/hairnows.jpg 1000w\" sizes=\"(max-width: 300px) 100vw, 300px\" \/><\/a>\n\t\t<\/figure>\n\t<\/div>\n<div class=\"vc_empty_space\"   style=\"height: 32px\"><span class=\"vc_empty_space_inner\"><\/span><\/div>\n\t<div class=\"wpb_text_column wpb_content_element\" >\n\t\t<div class=\"wpb_wrapper\">\n\t\t\t<h5 style=\"text-align: center;\">Publicaci\u00f3n colecci\u00f3n MODS<\/h5>\n<h5 style=\"text-align: center;\">Revista Hair Nows &#8211; 2017<\/h5>\n\n\t\t<\/div>\n\t<\/div>\n<\/div><\/div><\/div><div class=\"wpb_column vc_column_container vc_col-sm-4\"><div class=\"vc_column-inner vc_custom_1486322666317\"><div class=\"wpb_wrapper\">\n\t<div  class=\"wpb_single_image wpb_content_element vc_align_center wpb_content_element wpb_animate_when_almost_visible wpb_appear appear\">\n\t\t\n\t\t<figure class=\"wpb_wrapper vc_figure\">\n\t\t\t<a href=\"https:\/\/issuu.com\/spelperruquers\/docs\/hairmagazine_m_v\" target=\"_blank\" class=\"vc_single_image-wrapper   vc_box_border_grey\"><img loading=\"lazy\" decoding=\"async\" width=\"300\" height=\"188\" src=\"https:\/\/spelperruquers.com\/wp-content\/uploads\/2016\/03\/spel_col\u00b7lecci\u00f3_7-300x188.jpg\" class=\"vc_single_image-img attachment-medium\" alt=\"\" title=\"spel_col\u00b7lecci\u00f3_7\" srcset=\"https:\/\/spelperruquers.com\/wp-content\/uploads\/2016\/03\/spel_col\u00b7lecci\u00f3_7-300x188.jpg 300w, https:\/\/spelperruquers.com\/wp-content\/uploads\/2016\/03\/spel_col\u00b7lecci\u00f3_7-600x375.jpg 600w, https:\/\/spelperruquers.com\/wp-content\/uploads\/2016\/03\/spel_col\u00b7lecci\u00f3_7-768x480.jpg 768w, https:\/\/spelperruquers.com\/wp-content\/uploads\/2016\/03\/spel_col\u00b7lecci\u00f3_7-1024x640.jpg 1024w, https:\/\/spelperruquers.com\/wp-content\/uploads\/2016\/03\/spel_col\u00b7lecci\u00f3_7-1100x688.jpg 1100w, https:\/\/spelperruquers.com\/wp-content\/uploads\/2016\/03\/spel_col\u00b7lecci\u00f3_7.jpg 1920w\" sizes=\"(max-width: 300px) 100vw, 300px\" \/><\/a>\n\t\t<\/figure>\n\t<\/div>\n<div class=\"vc_empty_space\"   style=\"height: 32px\"><span class=\"vc_empty_space_inner\"><\/span><\/div>\n\t<div class=\"wpb_text_column wpb_content_element\" >\n\t\t<div class=\"wpb_wrapper\">\n\t\t\t<h5 class=\"font-replace\" style=\"text-align: center;\">Publicaci\u00f3n colecci\u00f3n MODS<\/h5>\n<h5 class=\"font-replace\" style=\"text-align: center;\">Hair magazine Marketing &amp; Vision\u00a0&#8211;\u00a02017<\/h5>\n\n\t\t<\/div>\n\t<\/div>\n<\/div><\/div><\/div><\/div><\/div><div class=\"vc_row wpb_row vc_row-fluid edgtf-section edgtf-content-aligment-left\" style=\"\"><div class=\"clearfix edgtf-full-section-inner\"><div class=\"wpb_column vc_column_container vc_col-sm-12\"><div class=\"vc_column-inner\"><div class=\"wpb_wrapper\"><div class=\"vc_empty_space\"   style=\"height: 60px\"><span class=\"vc_empty_space_inner\"><\/span><\/div><\/div><\/div><\/div><\/div><\/div>\n<\/div>","protected":false},"excerpt":{"rendered":"PRENSA Y EVENTOS Vanessa Espelt: \u00abM'agrada treballar per fer realitat les expectatives dels clients\u00bb Regi\u00f3 7 14\/NOV\/2015 La perruquera Vanessa Espelt, de Berga, treu la millor nota d\u2019Espanya en un m\u00e0ster de gesti\u00f3 del negoci Aqu\u00ed Bergued\u00e0\u00a0- 28\/OCT\/2015 Vanessa Espelt, a la Bridal Fashion Week [...]","protected":false},"author":2,"featured_media":0,"parent":0,"menu_order":0,"comment_status":"closed","ping_status":"closed","template":"full-width.php","meta":{"footnotes":""},"yoast_head":"<!-- This site is optimized with the Yoast SEO plugin v23.0 - https:\/\/yoast.com\/wordpress\/plugins\/seo\/ -->\n<title>spel perruquers - Prensa<\/title>\n<meta name=\"robots\" content=\"index, follow, max-snippet:-1, max-image-preview:large, max-video-preview:-1\" \/>\n<link rel=\"canonical\" href=\"https:\/\/spelperruquers.com\/es\/prensa-y-eventos\/\" \/>\n<meta property=\"og:locale\" content=\"es_ES\" \/>\n<meta property=\"og:type\" content=\"article\" \/>\n<meta property=\"og:title\" content=\"spel perruquers - Prensa\" \/>\n<meta property=\"og:url\" content=\"https:\/\/spelperruquers.com\/es\/prensa-y-eventos\/\" \/>\n<meta property=\"og:site_name\" content=\"spel perruquers\" \/>\n<meta property=\"article:publisher\" content=\"https:\/\/www.facebook.com\/spelperruquers\/\" \/>\n<meta property=\"article:modified_time\" content=\"2019-08-12T21:23:37+00:00\" \/>\n<meta name=\"twitter:card\" content=\"summary_large_image\" \/>\n<meta name=\"twitter:label1\" content=\"Tiempo de lectura\" \/>\n\t<meta name=\"twitter:data1\" content=\"3 minutos\" \/>\n<script type=\"application\/ld+json\" class=\"yoast-schema-graph\">{\"@context\":\"https:\/\/schema.org\",\"@graph\":[{\"@type\":\"WebPage\",\"@id\":\"https:\/\/spelperruquers.com\/ca\/prensa-y-eventos\/\",\"url\":\"https:\/\/spelperruquers.com\/ca\/prensa-y-eventos\/\",\"name\":\"spel perruquers - Prensa\",\"isPartOf\":{\"@id\":\"https:\/\/spelperruquers.com\/ca\/#website\"},\"datePublished\":\"2016-03-25T09:28:47+00:00\",\"dateModified\":\"2019-08-12T21:23:37+00:00\",\"breadcrumb\":{\"@id\":\"https:\/\/spelperruquers.com\/ca\/prensa-y-eventos\/#breadcrumb\"},\"inLanguage\":\"es\",\"potentialAction\":[{\"@type\":\"ReadAction\",\"target\":[\"https:\/\/spelperruquers.com\/ca\/prensa-y-eventos\/\"]}]},{\"@type\":\"BreadcrumbList\",\"@id\":\"https:\/\/spelperruquers.com\/ca\/prensa-y-eventos\/#breadcrumb\",\"itemListElement\":[{\"@type\":\"ListItem\",\"position\":1,\"name\":\"Portada\",\"item\":\"https:\/\/spelperruquers.com\/\"},{\"@type\":\"ListItem\",\"position\":2,\"name\":\"Prensa\"}]},{\"@type\":\"WebSite\",\"@id\":\"https:\/\/spelperruquers.com\/ca\/#website\",\"url\":\"https:\/\/spelperruquers.com\/ca\/\",\"name\":\"spel perruquers\",\"description\":\"spel by Vanessa Espelt\",\"publisher\":{\"@id\":\"https:\/\/spelperruquers.com\/ca\/#organization\"},\"potentialAction\":[{\"@type\":\"SearchAction\",\"target\":{\"@type\":\"EntryPoint\",\"urlTemplate\":\"https:\/\/spelperruquers.com\/ca\/?s={search_term_string}\"},\"query-input\":\"required name=search_term_string\"}],\"inLanguage\":\"es\"},{\"@type\":\"Organization\",\"@id\":\"https:\/\/spelperruquers.com\/ca\/#organization\",\"name\":\"spel by Vanessa Espelt\",\"url\":\"https:\/\/spelperruquers.com\/ca\/\",\"logo\":{\"@type\":\"ImageObject\",\"inLanguage\":\"es\",\"@id\":\"https:\/\/spelperruquers.com\/ca\/#\/schema\/logo\/image\/\",\"url\":\"https:\/\/spelperruquers.com\/wp-content\/uploads\/2019\/08\/logoweb3.png\",\"contentUrl\":\"https:\/\/spelperruquers.com\/wp-content\/uploads\/2019\/08\/logoweb3.png\",\"width\":343,\"height\":140,\"caption\":\"spel by Vanessa Espelt\"},\"image\":{\"@id\":\"https:\/\/spelperruquers.com\/ca\/#\/schema\/logo\/image\/\"},\"sameAs\":[\"https:\/\/www.facebook.com\/spelperruquers\/\",\"https:\/\/www.instagram.com\/spelperruquers\/\"]}]}<\/script>\n<!-- \/ Yoast SEO plugin. -->","yoast_head_json":{"title":"spel perruquers - Prensa","robots":{"index":"index","follow":"follow","max-snippet":"max-snippet:-1","max-image-preview":"max-image-preview:large","max-video-preview":"max-video-preview:-1"},"canonical":"https:\/\/spelperruquers.com\/es\/prensa-y-eventos\/","og_locale":"es_ES","og_type":"article","og_title":"spel perruquers - Prensa","og_url":"https:\/\/spelperruquers.com\/es\/prensa-y-eventos\/","og_site_name":"spel perruquers","article_publisher":"https:\/\/www.facebook.com\/spelperruquers\/","article_modified_time":"2019-08-12T21:23:37+00:00","twitter_card":"summary_large_image","twitter_misc":{"Tiempo de lectura":"3 minutos"},"schema":{"@context":"https:\/\/schema.org","@graph":[{"@type":"WebPage","@id":"https:\/\/spelperruquers.com\/ca\/prensa-y-eventos\/","url":"https:\/\/spelperruquers.com\/ca\/prensa-y-eventos\/","name":"spel perruquers - Prensa","isPartOf":{"@id":"https:\/\/spelperruquers.com\/ca\/#website"},"datePublished":"2016-03-25T09:28:47+00:00","dateModified":"2019-08-12T21:23:37+00:00","breadcrumb":{"@id":"https:\/\/spelperruquers.com\/ca\/prensa-y-eventos\/#breadcrumb"},"inLanguage":"es","potentialAction":[{"@type":"ReadAction","target":["https:\/\/spelperruquers.com\/ca\/prensa-y-eventos\/"]}]},{"@type":"BreadcrumbList","@id":"https:\/\/spelperruquers.com\/ca\/prensa-y-eventos\/#breadcrumb","itemListElement":[{"@type":"ListItem","position":1,"name":"Portada","item":"https:\/\/spelperruquers.com\/"},{"@type":"ListItem","position":2,"name":"Prensa"}]},{"@type":"WebSite","@id":"https:\/\/spelperruquers.com\/ca\/#website","url":"https:\/\/spelperruquers.com\/ca\/","name":"spel perruquers","description":"spel by Vanessa Espelt","publisher":{"@id":"https:\/\/spelperruquers.com\/ca\/#organization"},"potentialAction":[{"@type":"SearchAction","target":{"@type":"EntryPoint","urlTemplate":"https:\/\/spelperruquers.com\/ca\/?s={search_term_string}"},"query-input":"required name=search_term_string"}],"inLanguage":"es"},{"@type":"Organization","@id":"https:\/\/spelperruquers.com\/ca\/#organization","name":"spel by Vanessa Espelt","url":"https:\/\/spelperruquers.com\/ca\/","logo":{"@type":"ImageObject","inLanguage":"es","@id":"https:\/\/spelperruquers.com\/ca\/#\/schema\/logo\/image\/","url":"https:\/\/spelperruquers.com\/wp-content\/uploads\/2019\/08\/logoweb3.png","contentUrl":"https:\/\/spelperruquers.com\/wp-content\/uploads\/2019\/08\/logoweb3.png","width":343,"height":140,"caption":"spel by Vanessa Espelt"},"image":{"@id":"https:\/\/spelperruquers.com\/ca\/#\/schema\/logo\/image\/"},"sameAs":["https:\/\/www.facebook.com\/spelperruquers\/","https:\/\/www.instagram.com\/spelperruquers\/"]}]}},"_links":{"self":[{"href":"https:\/\/spelperruquers.com\/es\/wp-json\/wp\/v2\/pages\/1417"}],"collection":[{"href":"https:\/\/spelperruquers.com\/es\/wp-json\/wp\/v2\/pages"}],"about":[{"href":"https:\/\/spelperruquers.com\/es\/wp-json\/wp\/v2\/types\/page"}],"author":[{"embeddable":true,"href":"https:\/\/spelperruquers.com\/es\/wp-json\/wp\/v2\/users\/2"}],"replies":[{"embeddable":true,"href":"https:\/\/spelperruquers.com\/es\/wp-json\/wp\/v2\/comments?post=1417"}],"version-history":[{"count":73,"href":"https:\/\/spelperruquers.com\/es\/wp-json\/wp\/v2\/pages\/1417\/revisions"}],"predecessor-version":[{"id":6370,"href":"https:\/\/spelperruquers.com\/es\/wp-json\/wp\/v2\/pages\/1417\/revisions\/6370"}],"wp:attachment":[{"href":"https:\/\/spelperruquers.com\/es\/wp-json\/wp\/v2\/media?parent=1417"}],"curies":[{"name":"wp","href":"https:\/\/api.w.org\/{rel}","templated":true}]}}